{"id":9,"date":"2026-05-06T14:29:45","date_gmt":"2026-05-06T14:29:45","guid":{"rendered":"https:\/\/cano-pompesfunebres.ch.35-195-224-43.plesk.page\/?page_id=9"},"modified":"2026-08-18T14:34:06","modified_gmt":"2026-08-18T14:34:06","slug":"services","status":"publish","type":"page","link":"https:\/\/cano-pompesfunebres.ch.35-195-224-43.plesk.page\/?page_id=9","title":{"rendered":"Services"},"content":{"rendered":"<p>[et_pb_section fb_built=&#8220;1&#8243; _builder_version=&#8220;4.27.4&#8243; _module_preset=&#8220;default&#8220; use_background_color_gradient=&#8220;on&#8220; background_color_gradient_stops=&#8220;rgba(86,57,67,0.79) 0%|rgba(86,57,67,0.79) 100%&#8220; background_color_gradient_overlays_image=&#8220;on&#8220; background_image=&#8220;https:\/\/cano-pompesfunebres.ch.35-195-224-43.plesk.page\/wp-content\/uploads\/2026\/06\/IMG_20161230_134417-scaled.jpg&#8220; custom_padding=&#8220;60px||60px||true|false&#8220; global_colors_info=&#8220;{}&#8220;][et_pb_row use_custom_gutter=&#8220;on&#8220; _builder_version=&#8220;4.27.4&#8243; _module_preset=&#8220;default&#8220; max_width=&#8220;1700px&#8220; locked=&#8220;off&#8220; global_colors_info=&#8220;{}&#8220;][et_pb_column type=&#8220;4_4&#8243; _builder_version=&#8220;4.27.4&#8243; _module_preset=&#8220;default&#8220; global_colors_info=&#8220;{}&#8220;][et_pb_text _builder_version=&#8220;4.27.4&#8243; _module_preset=&#8220;default&#8220; text_font=&#8220;Inter||||||||&#8220; text_text_color=&#8220;#FFFFFF&#8220; text_font_size=&#8220;13px&#8220; text_letter_spacing=&#8220;7px&#8220; text_orientation=&#8220;center&#8220; custom_margin=&#8220;||20px||false|false&#8220; global_colors_info=&#8220;{}&#8220;]<\/p>\n<p><span>NOTRE ACCOMPAGNEMENT<\/span><\/p>\n<p>[\/et_pb_text][et_pb_text _builder_version=&#8220;4.27.4&#8243; _module_preset=&#8220;default&#8220; header_font=&#8220;Playfair Display||||||||&#8220; header_text_color=&#8220;#FFFFFF&#8220; header_font_size=&#8220;65px&#8220; header_2_font=&#8220;Playfair Display||||||||&#8220; header_2_text_color=&#8220;#FFFFFF&#8220; header_2_font_size=&#8220;50px&#8220; custom_margin=&#8220;||||false|false&#8220; global_colors_info=&#8220;{}&#8220;]<\/p>\n<h1 style=\"text-align: center;\">Services Fun\u00e9raires<\/h1>\n<p>[\/et_pb_text][\/et_pb_column][\/et_pb_row][\/et_pb_section][et_pb_section fb_built=&#8220;1&#8243; module_id=&#8220;accompagnement&#8220; _builder_version=&#8220;4.27.4&#8243; _module_preset=&#8220;default&#8220; background_color=&#8220;#f9f7f5&#8243; custom_padding=&#8220;80px||80px||true|false&#8220; locked=&#8220;off&#8220; global_colors_info=&#8220;{}&#8220;][et_pb_row column_structure=&#8220;2_5,3_5&#8243; use_custom_gutter=&#8220;on&#8220; make_equal=&#8220;on&#8220; disabled_on=&#8220;on|on|off&#8220; _builder_version=&#8220;4.27.4&#8243; _module_preset=&#8220;default&#8220; max_width=&#8220;1700px&#8220; global_colors_info=&#8220;{}&#8220;][et_pb_column type=&#8220;2_5&#8243; _builder_version=&#8220;4.27.4&#8243; _module_preset=&#8220;default&#8220; background_enable_color=&#8220;off&#8220; global_colors_info=&#8220;{}&#8220;][et_pb_image src=&#8220;https:\/\/cano-pompesfunebres.ch.35-195-224-43.plesk.page\/wp-content\/uploads\/2026\/06\/noname_13-hydrangea-3659614-scaled.jpg&#8220; title_text=&#8220;noname_13-hydrangea-3659614&#8243; _builder_version=&#8220;4.27.4&#8243; _module_preset=&#8220;default&#8220; border_radii=&#8220;on|30px|30px|30px|30px&#8220; global_colors_info=&#8220;{}&#8220;][\/et_pb_image][\/et_pb_column][et_pb_column type=&#8220;3_5&#8243; _builder_version=&#8220;4.27.4&#8243; _module_preset=&#8220;default&#8220; background_color=&#8220;RGBA(255,255,255,0)&#8220; global_colors_info=&#8220;{}&#8220;][et_pb_blurb title=&#8220;\u00c0 CHAQUE \u00c9TAPE&#8220; use_icon=&#8220;on&#8220; font_icon=&#8220;&#xe089;||divi||400&#8243; icon_color=&#8220;#FFFFFF&#8220; image_icon_background_color=&#8220;gcid-3dcdbcfd-1506-4ff9-8df9-a69795d86eae&#8220; icon_placement=&#8220;left&#8220; image_icon_width=&#8220;18px&#8220; content_max_width=&#8220;1100px&#8220; _builder_version=&#8220;4.27.4&#8243; _module_preset=&#8220;default&#8220; header_font=&#8220;Inter|700||on|||||&#8220; header_text_color=&#8220;gcid-3dcdbcfd-1506-4ff9-8df9-a69795d86eae&#8220; header_font_size=&#8220;15px&#8220; header_letter_spacing=&#8220;3px&#8220; image_icon_custom_padding=&#8220;18px|18px|18px|18px|true|true&#8220; custom_css_blurb_title=&#8220;margin-top: 18px;||margin-left: 10px;&#8220; border_radii_image=&#8220;on|198px|198px|198px|198px&#8220; global_colors_info=&#8220;{%22gcid-3dcdbcfd-1506-4ff9-8df9-a69795d86eae%22:%91%22image_icon_background_color%22,%22header_text_color%22%93}&#8220;][\/et_pb_blurb][et_pb_text _builder_version=&#8220;4.27.4&#8243; _module_preset=&#8220;default&#8220; header_2_font=&#8220;Playfair Display||||||||&#8220; header_2_font_size=&#8220;30px&#8220; custom_margin=&#8220;||25px||false|false&#8220; custom_padding=&#8220;|20px||20px|false|true&#8220; global_colors_info=&#8220;{}&#8220;]<\/p>\n<h2 style=\"text-align: left;\">Accompagnement<\/h2>\n<p>[\/et_pb_text][et_pb_text _builder_version=&#8220;4.27.4&#8243; _module_preset=&#8220;default&#8220; text_font=&#8220;Inter||||||||&#8220; text_text_color=&#8220;#848484&#8243; text_font_size=&#8220;16px&#8220; custom_margin=&#8220;||30px||false|false&#8220; custom_padding=&#8220;|20px||20px|false|true&#8220; global_colors_info=&#8220;{}&#8220;]<\/p>\n<p data-source-location=\"src\/pages\/Services.jsx:128:16\" data-dynamic-content=\"true\" class=\"font-sans text-sm text-muted-foreground leading-relaxed\" data-arr-index=\"0\" data-arr-variable-name=\"accompagnementIntro\">Conscients de la douleur que repr\u00e9sente la perte d&#8217;un \u00eatre cher, nous mettons tout en \u0153uvre pour soulager les familles des contraintes administratives et leur offrir un accompagnement attentif et discret.<\/p>\n<p data-source-location=\"src\/pages\/Services.jsx:128:16\" data-dynamic-content=\"true\" class=\"font-sans text-sm text-muted-foreground leading-relaxed\" data-arr-index=\"1\" data-arr-variable-name=\"accompagnementIntro\">Le service des Pompes Fun\u00e8bres Cano est accessible \u00e0 tous, dans le respect de chaque situation et de chaque possibilit\u00e9 financi\u00e8re.<\/p>\n<p data-source-location=\"src\/pages\/Services.jsx:128:16\" data-dynamic-content=\"true\" class=\"font-sans text-sm text-muted-foreground leading-relaxed\" data-arr-index=\"2\" data-arr-variable-name=\"accompagnementIntro\">Nous accompagnons les familles avec transparence dans le choix des prestations et des fournitures, en leur laissant la libert\u00e9 d&#8217;adapter leurs d\u00e9cisions \u00e0 tout moment.<\/p>\n<p data-source-location=\"src\/pages\/Services.jsx:128:16\" data-dynamic-content=\"true\" class=\"font-sans text-sm text-muted-foreground leading-relaxed\" data-arr-index=\"3\" data-arr-variable-name=\"accompagnementIntro\">Ensemble, nous veillons \u00e0 l&#8217;organisation des d\u00e9marches et au bon d\u00e9roulement de la c\u00e9r\u00e9monie, qu&#8217;il s&#8217;agisse d&#8217;une inhumation ou d&#8217;une cr\u00e9mation, dans le respect des convictions de chacun, qu&#8217;elles soient la\u00efques ou religieuses.<\/p>\n<p data-source-location=\"src\/pages\/Services.jsx:128:16\" data-dynamic-content=\"true\" class=\"font-sans text-sm text-muted-foreground leading-relaxed\" data-arr-index=\"4\" data-arr-variable-name=\"accompagnementIntro\">Le respect des volont\u00e9s du d\u00e9funt et de sa famille guide chacune de nos d\u00e9marches.<\/p>\n<p>[\/et_pb_text][et_pb_accordion open_toggle_text_color=&#8220;gcid-3dcdbcfd-1506-4ff9-8df9-a69795d86eae&#8220; open_toggle_background_color=&#8220;#FFFFFF&#8220; closed_toggle_background_color=&#8220;gcid-3dcdbcfd-1506-4ff9-8df9-a69795d86eae&#8220; toggle_icon=&#8220;&#x33;||divi||400&#8243; _builder_version=&#8220;4.27.4&#8243; _module_preset=&#8220;default&#8220; toggle_text_color=&#8220;#FFFFFF&#8220; toggle_font=&#8220;Inter|700|||||||&#8220; toggle_font_size=&#8220;20px&#8220; body_font=&#8220;Inter||||||||&#8220; body_font_size=&#8220;16px&#8220; background_color=&#8220;RGBA(255,255,255,0)&#8220; custom_margin=&#8220;||||false|false&#8220; global_colors_info=&#8220;{%22gcid-3dcdbcfd-1506-4ff9-8df9-a69795d86eae%22:%91%22closed_toggle_background_color%22,%22open_toggle_text_color%22%93}&#8220;][et_pb_accordion_item title=&#8220;Ihr Titel&#8220; open=&#8220;on&#8220; _builder_version=&#8220;4.27.4&#8243; _module_preset=&#8220;default&#8220; custom_css_main_element=&#8220;display:none;&#8220; global_colors_info=&#8220;{}&#8220;]<\/p>\n<p>Your content goes here. Edit or remove this text inline or in the module Content settings. You can also style every aspect of this content in the module Design settings and even apply custom CSS to this text in the module Advanced settings.<\/p>\n<p>[\/et_pb_accordion_item][et_pb_accordion_item title=&#8220;Le jour des obs\u00e8ques, chaque \u00e9tape est prise en charge avec attention et discr\u00e9tion&#8220; _builder_version=&#8220;4.27.4&#8243; _module_preset=&#8220;default&#8220; custom_padding=&#8220;30px|30px|30px|30px|true|true&#8220; global_colors_info=&#8220;{}&#8220; open=&#8220;off&#8220;]<\/p>\n<ul data-source-location=\"src\/pages\/Services.jsx:81:4\" data-dynamic-content=\"true\" class=\"space-y-3\" data-collection-id=\"items\">\n<li data-source-location=\"src\/pages\/Services.jsx:83:8\" data-dynamic-content=\"true\" class=\"flex items-start gap-3\"><span data-source-location=\"src\/pages\/Services.jsx:85:10\" data-dynamic-content=\"true\" class=\"text-sm font-sans text-foreground leading-relaxed\" data-collection-item-field=\"item\">Organisation du transfert vers le lieu de la c\u00e9r\u00e9monie.<\/span><\/li>\n<li data-source-location=\"src\/pages\/Services.jsx:83:8\" data-dynamic-content=\"true\" class=\"flex items-start gap-3\">\n<div data-source-location=\"src\/pages\/Services.jsx:84:10\" data-dynamic-content=\"false\" class=\"w-1.5 h-1.5 rounded-full bg-accent shrink-0 mt-2\"><\/div>\n<p><span data-source-location=\"src\/pages\/Services.jsx:85:10\" data-dynamic-content=\"true\" class=\"text-sm font-sans text-foreground leading-relaxed\" data-collection-item-field=\"item\">Pr\u00e9sentation soign\u00e9e du cercueil.<\/span><\/p>\n<\/li>\n<li data-source-location=\"src\/pages\/Services.jsx:83:8\" data-dynamic-content=\"true\" class=\"flex items-start gap-3\">\n<div data-source-location=\"src\/pages\/Services.jsx:84:10\" data-dynamic-content=\"false\" class=\"w-1.5 h-1.5 rounded-full bg-accent shrink-0 mt-2\"><\/div>\n<p><span data-source-location=\"src\/pages\/Services.jsx:85:10\" data-dynamic-content=\"true\" class=\"text-sm font-sans text-foreground leading-relaxed\" data-collection-item-field=\"item\">Mise en place des arrangements floraux.<\/span><\/p>\n<\/li>\n<li data-source-location=\"src\/pages\/Services.jsx:83:8\" data-dynamic-content=\"true\" class=\"flex items-start gap-3\">\n<div data-source-location=\"src\/pages\/Services.jsx:84:10\" data-dynamic-content=\"false\" class=\"w-1.5 h-1.5 rounded-full bg-accent shrink-0 mt-2\"><\/div>\n<p><span data-source-location=\"src\/pages\/Services.jsx:85:10\" data-dynamic-content=\"true\" class=\"text-sm font-sans text-foreground leading-relaxed\" data-collection-item-field=\"item\">Collecte et remise des cartes de condol\u00e9ances.<\/span><\/p>\n<\/li>\n<li data-source-location=\"src\/pages\/Services.jsx:83:8\" data-dynamic-content=\"true\" class=\"flex items-start gap-3\">\n<div data-source-location=\"src\/pages\/Services.jsx:84:10\" data-dynamic-content=\"false\" class=\"w-1.5 h-1.5 rounded-full bg-accent shrink-0 mt-2\"><\/div>\n<p><span data-source-location=\"src\/pages\/Services.jsx:85:10\" data-dynamic-content=\"true\" class=\"text-sm font-sans text-foreground leading-relaxed\" data-collection-item-field=\"item\">Transfert vers le cr\u00e9matoire, le cas \u00e9ch\u00e9ant.<\/span><\/p>\n<\/li>\n<\/ul>\n<p>[\/et_pb_accordion_item][et_pb_accordion_item title=&#8220;Dans cet esprit, un accompagnement attentif est propos\u00e9&#8220; _builder_version=&#8220;4.27.4&#8243; _module_preset=&#8220;default&#8220; custom_margin=&#8220;-25px||||false|false&#8220; custom_padding=&#8220;30px|30px|30px|30px|true|true&#8220; global_colors_info=&#8220;{}&#8220; open=&#8220;off&#8220;]<\/p>\n<ul data-source-location=\"src\/pages\/Services.jsx:81:4\" data-dynamic-content=\"true\" class=\"space-y-3\" data-collection-id=\"items\">\n<li data-source-location=\"src\/pages\/Services.jsx:83:8\" data-dynamic-content=\"true\" class=\"flex items-start gap-3\"><span data-source-location=\"src\/pages\/Services.jsx:85:10\" data-dynamic-content=\"true\" class=\"text-sm font-sans text-foreground leading-relaxed\" data-collection-item-field=\"item\">Soins de pr\u00e9paration et habillage du d\u00e9funt, r\u00e9alis\u00e9s avec respect et dignit\u00e9.<\/span><\/li>\n<li data-source-location=\"src\/pages\/Services.jsx:83:8\" data-dynamic-content=\"true\" class=\"flex items-start gap-3\">\n<div data-source-location=\"src\/pages\/Services.jsx:84:10\" data-dynamic-content=\"false\" class=\"w-1.5 h-1.5 rounded-full bg-accent shrink-0 mt-2\"><\/div>\n<p><span data-source-location=\"src\/pages\/Services.jsx:85:10\" data-dynamic-content=\"true\" class=\"text-sm font-sans text-foreground leading-relaxed\" data-collection-item-field=\"item\">Pr\u00e9paration et choix du lieu de repos du d\u00e9funt jusqu&#8217;\u00e0 la c\u00e9r\u00e9monie.<\/span><\/p>\n<\/li>\n<li data-source-location=\"src\/pages\/Services.jsx:83:8\" data-dynamic-content=\"true\" class=\"flex items-start gap-3\">\n<div data-source-location=\"src\/pages\/Services.jsx:84:10\" data-dynamic-content=\"false\" class=\"w-1.5 h-1.5 rounded-full bg-accent shrink-0 mt-2\"><\/div>\n<p><span data-source-location=\"src\/pages\/Services.jsx:85:10\" data-dynamic-content=\"true\" class=\"text-sm font-sans text-foreground leading-relaxed\" data-collection-item-field=\"item\">Accompagnement dans l&#8217;ensemble des formalit\u00e9s l\u00e9gales et obligatoires, avec le souci de vous en all\u00e9ger les contraintes.<\/span><\/p>\n<\/li>\n<li data-source-location=\"src\/pages\/Services.jsx:83:8\" data-dynamic-content=\"true\" class=\"flex items-start gap-3\">\n<div data-source-location=\"src\/pages\/Services.jsx:84:10\" data-dynamic-content=\"false\" class=\"w-1.5 h-1.5 rounded-full bg-accent shrink-0 mt-2\"><\/div>\n<p><span data-source-location=\"src\/pages\/Services.jsx:85:10\" data-dynamic-content=\"true\" class=\"text-sm font-sans text-foreground leading-relaxed\" data-collection-item-field=\"item\">Aide \u00e0 la r\u00e9daction des avis de d\u00e9c\u00e8s et des textes destin\u00e9s aux journaux.<\/span><\/p>\n<\/li>\n<li data-source-location=\"src\/pages\/Services.jsx:83:8\" data-dynamic-content=\"true\" class=\"flex items-start gap-3\">\n<div data-source-location=\"src\/pages\/Services.jsx:84:10\" data-dynamic-content=\"false\" class=\"w-1.5 h-1.5 rounded-full bg-accent shrink-0 mt-2\"><\/div>\n<p><span data-source-location=\"src\/pages\/Services.jsx:85:10\" data-dynamic-content=\"true\" class=\"text-sm font-sans text-foreground leading-relaxed\" data-collection-item-field=\"item\">Conception et impression des faire-part, selon vos souhaits et vos sensibilit\u00e9s.<\/span><\/p>\n<\/li>\n<li data-source-location=\"src\/pages\/Services.jsx:83:8\" data-dynamic-content=\"true\" class=\"flex items-start gap-3\">\n<div data-source-location=\"src\/pages\/Services.jsx:84:10\" data-dynamic-content=\"false\" class=\"w-1.5 h-1.5 rounded-full bg-accent shrink-0 mt-2\"><\/div>\n<p><span data-source-location=\"src\/pages\/Services.jsx:85:10\" data-dynamic-content=\"true\" class=\"text-sm font-sans text-foreground leading-relaxed\" data-collection-item-field=\"item\">Coordination avec la paroisse, le pr\u00eatre, le pasteur ou tout autre intervenant, dans le respect des convictions de chacun.<\/span><\/p>\n<\/li>\n<li data-source-location=\"src\/pages\/Services.jsx:83:8\" data-dynamic-content=\"true\" class=\"flex items-start gap-3\">\n<div data-source-location=\"src\/pages\/Services.jsx:84:10\" data-dynamic-content=\"false\" class=\"w-1.5 h-1.5 rounded-full bg-accent shrink-0 mt-2\"><\/div>\n<p><span data-source-location=\"src\/pages\/Services.jsx:85:10\" data-dynamic-content=\"true\" class=\"text-sm font-sans text-foreground leading-relaxed\" data-collection-item-field=\"item\">Conseil dans le choix et la commande des fleurs.<\/span><\/p>\n<\/li>\n<li data-source-location=\"src\/pages\/Services.jsx:83:8\" data-dynamic-content=\"true\" class=\"flex items-start gap-3\">\n<div data-source-location=\"src\/pages\/Services.jsx:84:10\" data-dynamic-content=\"false\" class=\"w-1.5 h-1.5 rounded-full bg-accent shrink-0 mt-2\"><\/div>\n<p><span data-source-location=\"src\/pages\/Services.jsx:85:10\" data-dynamic-content=\"true\" class=\"text-sm font-sans text-foreground leading-relaxed\" data-collection-item-field=\"item\">R\u00e9alisation des cartes de remerciements, pour exprimer votre gratitude en toute simplicit\u00e9.<\/span><\/p>\n<\/li>\n<\/ul>\n<p>[\/et_pb_accordion_item][\/et_pb_accordion][et_pb_text _builder_version=&#8220;4.27.4&#8243; _module_preset=&#8220;default&#8220; text_font=&#8220;Inter||||||||&#8220; text_text_color=&#8220;#848484&#8243; text_font_size=&#8220;16px&#8220; custom_margin=&#8220;||30px||false|false&#8220; custom_padding=&#8220;|20px||20px|false|true&#8220; global_colors_info=&#8220;{}&#8220;]<\/p>\n<p data-source-location=\"src\/pages\/Services.jsx:128:16\" data-dynamic-content=\"true\" class=\"font-sans text-sm text-muted-foreground leading-relaxed\" data-arr-index=\"0\" data-arr-variable-name=\"accompagnementIntro\"><span>Une pr\u00e9sence \u00e0 vos c\u00f4t\u00e9s est assur\u00e9e \u00e0 tout moment, pour r\u00e9pondre \u00e0 vos besoins et vous accompagner avec bienveillance. N&#8217;h\u00e9sitez pas \u00e0 prendre contact avec nous.<\/span><\/p>\n<p>[\/et_pb_text][\/et_pb_column][\/et_pb_row][et_pb_row column_structure=&#8220;2_5,3_5&#8243; use_custom_gutter=&#8220;on&#8220; make_equal=&#8220;on&#8220; disabled_on=&#8220;off|off|on&#8220; _builder_version=&#8220;4.27.4&#8243; _module_preset=&#8220;default&#8220; max_width=&#8220;1700px&#8220; global_colors_info=&#8220;{}&#8220;][et_pb_column type=&#8220;2_5&#8243; _builder_version=&#8220;4.27.4&#8243; _module_preset=&#8220;default&#8220; background_enable_color=&#8220;off&#8220; global_colors_info=&#8220;{}&#8220;][\/et_pb_column][et_pb_column type=&#8220;3_5&#8243; _builder_version=&#8220;4.27.4&#8243; _module_preset=&#8220;default&#8220; background_color=&#8220;RGBA(255,255,255,0)&#8220; global_colors_info=&#8220;{}&#8220;][et_pb_blurb title=&#8220;\u00c0 CHAQUE \u00c9TAPE&#8220; use_icon=&#8220;on&#8220; font_icon=&#8220;&#xe089;||divi||400&#8243; icon_color=&#8220;#FFFFFF&#8220; image_icon_background_color=&#8220;gcid-3dcdbcfd-1506-4ff9-8df9-a69795d86eae&#8220; icon_placement=&#8220;left&#8220; image_icon_width=&#8220;18px&#8220; content_max_width=&#8220;1100px&#8220; _builder_version=&#8220;4.27.4&#8243; _module_preset=&#8220;default&#8220; header_font=&#8220;Inter|700||on|||||&#8220; header_text_color=&#8220;gcid-3dcdbcfd-1506-4ff9-8df9-a69795d86eae&#8220; header_font_size=&#8220;15px&#8220; header_letter_spacing=&#8220;3px&#8220; image_icon_custom_padding=&#8220;18px|18px|18px|18px|true|true&#8220; custom_css_blurb_title=&#8220;margin-top: 18px;||margin-left: 10px;&#8220; border_radii_image=&#8220;on|198px|198px|198px|198px&#8220; global_colors_info=&#8220;{%22gcid-3dcdbcfd-1506-4ff9-8df9-a69795d86eae%22:%91%22image_icon_background_color%22,%22header_text_color%22%93}&#8220;][\/et_pb_blurb][et_pb_text _builder_version=&#8220;4.27.4&#8243; _module_preset=&#8220;default&#8220; header_2_font=&#8220;Playfair Display||||||||&#8220; header_2_font_size=&#8220;30px&#8220; custom_margin=&#8220;||25px||false|false&#8220; custom_padding=&#8220;|20px||20px|false|true&#8220; global_colors_info=&#8220;{}&#8220;]<\/p>\n<h2 style=\"text-align: left;\">Accompagnement<\/h2>\n<p>[\/et_pb_text][et_pb_text _builder_version=&#8220;4.27.4&#8243; _module_preset=&#8220;default&#8220; text_font=&#8220;Inter||||||||&#8220; text_text_color=&#8220;#848484&#8243; text_font_size=&#8220;16px&#8220; custom_margin=&#8220;||30px||false|false&#8220; custom_padding=&#8220;|20px||20px|false|true&#8220; global_colors_info=&#8220;{}&#8220;]<\/p>\n<p data-source-location=\"src\/pages\/Services.jsx:128:16\" data-dynamic-content=\"true\" class=\"font-sans text-sm text-muted-foreground leading-relaxed\" data-arr-index=\"0\" data-arr-variable-name=\"accompagnementIntro\">Conscients de la douleur que repr\u00e9sente la perte d&#8217;un \u00eatre cher, nous mettons tout en \u0153uvre pour soulager les familles des contraintes administratives et leur offrir un accompagnement attentif et discret.<\/p>\n<p data-source-location=\"src\/pages\/Services.jsx:128:16\" data-dynamic-content=\"true\" class=\"font-sans text-sm text-muted-foreground leading-relaxed\" data-arr-index=\"1\" data-arr-variable-name=\"accompagnementIntro\">Le service des Pompes Fun\u00e8bres Cano est accessible \u00e0 tous, dans le respect de chaque situation et de chaque possibilit\u00e9 financi\u00e8re.<\/p>\n<p data-source-location=\"src\/pages\/Services.jsx:128:16\" data-dynamic-content=\"true\" class=\"font-sans text-sm text-muted-foreground leading-relaxed\" data-arr-index=\"2\" data-arr-variable-name=\"accompagnementIntro\">Nous accompagnons les familles avec transparence dans le choix des prestations et des fournitures, en leur laissant la libert\u00e9 d&#8217;adapter leurs d\u00e9cisions \u00e0 tout moment.<\/p>\n<p data-source-location=\"src\/pages\/Services.jsx:128:16\" data-dynamic-content=\"true\" class=\"font-sans text-sm text-muted-foreground leading-relaxed\" data-arr-index=\"3\" data-arr-variable-name=\"accompagnementIntro\">Ensemble, nous veillons \u00e0 l&#8217;organisation des d\u00e9marches et au bon d\u00e9roulement de la c\u00e9r\u00e9monie, qu&#8217;il s&#8217;agisse d&#8217;une inhumation ou d&#8217;une cr\u00e9mation, dans le respect des convictions de chacun, qu&#8217;elles soient la\u00efques ou religieuses.<\/p>\n<p data-source-location=\"src\/pages\/Services.jsx:128:16\" data-dynamic-content=\"true\" class=\"font-sans text-sm text-muted-foreground leading-relaxed\" data-arr-index=\"4\" data-arr-variable-name=\"accompagnementIntro\">Le respect des volont\u00e9s du d\u00e9funt et de sa famille guide chacune de nos d\u00e9marches.<\/p>\n<p>[\/et_pb_text][et_pb_accordion open_toggle_text_color=&#8220;gcid-3dcdbcfd-1506-4ff9-8df9-a69795d86eae&#8220; open_toggle_background_color=&#8220;#FFFFFF&#8220; closed_toggle_background_color=&#8220;gcid-3dcdbcfd-1506-4ff9-8df9-a69795d86eae&#8220; toggle_icon=&#8220;&#x33;||divi||400&#8243; _builder_version=&#8220;4.27.4&#8243; _module_preset=&#8220;default&#8220; toggle_text_color=&#8220;#FFFFFF&#8220; toggle_font=&#8220;Inter|700|||||||&#8220; toggle_font_size=&#8220;20px&#8220; body_font=&#8220;Inter||||||||&#8220; body_font_size=&#8220;16px&#8220; background_color=&#8220;RGBA(255,255,255,0)&#8220; custom_margin=&#8220;||||false|false&#8220; global_colors_info=&#8220;{%22gcid-3dcdbcfd-1506-4ff9-8df9-a69795d86eae%22:%91%22closed_toggle_background_color%22,%22open_toggle_text_color%22%93}&#8220;][et_pb_accordion_item title=&#8220;Ihr Titel&#8220; open=&#8220;on&#8220; _builder_version=&#8220;4.27.4&#8243; _module_preset=&#8220;default&#8220; custom_css_main_element=&#8220;display:none;&#8220; global_colors_info=&#8220;{}&#8220;]<\/p>\n<p>Your content goes here. Edit or remove this text inline or in the module Content settings. You can also style every aspect of this content in the module Design settings and even apply custom CSS to this text in the module Advanced settings.<\/p>\n<p>[\/et_pb_accordion_item][et_pb_accordion_item title=&#8220;Le jour des obs\u00e8ques, chaque \u00e9tape est prise en charge avec attention et discr\u00e9tion&#8220; _builder_version=&#8220;4.27.4&#8243; _module_preset=&#8220;default&#8220; custom_padding=&#8220;30px|30px|30px|30px|true|true&#8220; global_colors_info=&#8220;{}&#8220; open=&#8220;off&#8220;]<\/p>\n<ul data-source-location=\"src\/pages\/Services.jsx:81:4\" data-dynamic-content=\"true\" class=\"space-y-3\" data-collection-id=\"items\">\n<li data-source-location=\"src\/pages\/Services.jsx:83:8\" data-dynamic-content=\"true\" class=\"flex items-start gap-3\"><span data-source-location=\"src\/pages\/Services.jsx:85:10\" data-dynamic-content=\"true\" class=\"text-sm font-sans text-foreground leading-relaxed\" data-collection-item-field=\"item\">Organisation du transfert vers le lieu de la c\u00e9r\u00e9monie.<\/span><\/li>\n<li data-source-location=\"src\/pages\/Services.jsx:83:8\" data-dynamic-content=\"true\" class=\"flex items-start gap-3\">\n<div data-source-location=\"src\/pages\/Services.jsx:84:10\" data-dynamic-content=\"false\" class=\"w-1.5 h-1.5 rounded-full bg-accent shrink-0 mt-2\"><\/div>\n<p><span data-source-location=\"src\/pages\/Services.jsx:85:10\" data-dynamic-content=\"true\" class=\"text-sm font-sans text-foreground leading-relaxed\" data-collection-item-field=\"item\">Pr\u00e9sentation soign\u00e9e du cercueil.<\/span><\/p>\n<\/li>\n<li data-source-location=\"src\/pages\/Services.jsx:83:8\" data-dynamic-content=\"true\" class=\"flex items-start gap-3\">\n<div data-source-location=\"src\/pages\/Services.jsx:84:10\" data-dynamic-content=\"false\" class=\"w-1.5 h-1.5 rounded-full bg-accent shrink-0 mt-2\"><\/div>\n<p><span data-source-location=\"src\/pages\/Services.jsx:85:10\" data-dynamic-content=\"true\" class=\"text-sm font-sans text-foreground leading-relaxed\" data-collection-item-field=\"item\">Mise en place des arrangements floraux.<\/span><\/p>\n<\/li>\n<li data-source-location=\"src\/pages\/Services.jsx:83:8\" data-dynamic-content=\"true\" class=\"flex items-start gap-3\">\n<div data-source-location=\"src\/pages\/Services.jsx:84:10\" data-dynamic-content=\"false\" class=\"w-1.5 h-1.5 rounded-full bg-accent shrink-0 mt-2\"><\/div>\n<p><span data-source-location=\"src\/pages\/Services.jsx:85:10\" data-dynamic-content=\"true\" class=\"text-sm font-sans text-foreground leading-relaxed\" data-collection-item-field=\"item\">Collecte et remise des cartes de condol\u00e9ances.<\/span><\/p>\n<\/li>\n<li data-source-location=\"src\/pages\/Services.jsx:83:8\" data-dynamic-content=\"true\" class=\"flex items-start gap-3\">\n<div data-source-location=\"src\/pages\/Services.jsx:84:10\" data-dynamic-content=\"false\" class=\"w-1.5 h-1.5 rounded-full bg-accent shrink-0 mt-2\"><\/div>\n<p><span data-source-location=\"src\/pages\/Services.jsx:85:10\" data-dynamic-content=\"true\" class=\"text-sm font-sans text-foreground leading-relaxed\" data-collection-item-field=\"item\">Transfert vers le cr\u00e9matoire, le cas \u00e9ch\u00e9ant.<\/span><\/p>\n<\/li>\n<\/ul>\n<p>[\/et_pb_accordion_item][et_pb_accordion_item title=&#8220;Dans cet esprit, un accompagnement attentif est propos\u00e9&#8220; _builder_version=&#8220;4.27.4&#8243; _module_preset=&#8220;default&#8220; custom_margin=&#8220;-25px||||false|false&#8220; custom_margin_tablet=&#8220;-25px||||false|false&#8220; custom_margin_phone=&#8220;0px||||false|false&#8220; custom_margin_last_edited=&#8220;on|phone&#8220; custom_padding=&#8220;30px|30px|30px|30px|true|true&#8220; global_colors_info=&#8220;{}&#8220; open=&#8220;off&#8220;]<\/p>\n<ul data-source-location=\"src\/pages\/Services.jsx:81:4\" data-dynamic-content=\"true\" class=\"space-y-3\" data-collection-id=\"items\">\n<li data-source-location=\"src\/pages\/Services.jsx:83:8\" data-dynamic-content=\"true\" class=\"flex items-start gap-3\"><span data-source-location=\"src\/pages\/Services.jsx:85:10\" data-dynamic-content=\"true\" class=\"text-sm font-sans text-foreground leading-relaxed\" data-collection-item-field=\"item\">Soins de pr\u00e9paration et habillage du d\u00e9funt, r\u00e9alis\u00e9s avec respect et dignit\u00e9.<\/span><\/li>\n<li data-source-location=\"src\/pages\/Services.jsx:83:8\" data-dynamic-content=\"true\" class=\"flex items-start gap-3\">\n<div data-source-location=\"src\/pages\/Services.jsx:84:10\" data-dynamic-content=\"false\" class=\"w-1.5 h-1.5 rounded-full bg-accent shrink-0 mt-2\"><\/div>\n<p><span data-source-location=\"src\/pages\/Services.jsx:85:10\" data-dynamic-content=\"true\" class=\"text-sm font-sans text-foreground leading-relaxed\" data-collection-item-field=\"item\">Pr\u00e9paration et choix du lieu de repos du d\u00e9funt jusqu&#8217;\u00e0 la c\u00e9r\u00e9monie.<\/span><\/p>\n<\/li>\n<li data-source-location=\"src\/pages\/Services.jsx:83:8\" data-dynamic-content=\"true\" class=\"flex items-start gap-3\">\n<div data-source-location=\"src\/pages\/Services.jsx:84:10\" data-dynamic-content=\"false\" class=\"w-1.5 h-1.5 rounded-full bg-accent shrink-0 mt-2\"><\/div>\n<p><span data-source-location=\"src\/pages\/Services.jsx:85:10\" data-dynamic-content=\"true\" class=\"text-sm font-sans text-foreground leading-relaxed\" data-collection-item-field=\"item\">Accompagnement dans l&#8217;ensemble des formalit\u00e9s l\u00e9gales et obligatoires, avec le souci de vous en all\u00e9ger les contraintes.<\/span><\/p>\n<\/li>\n<li data-source-location=\"src\/pages\/Services.jsx:83:8\" data-dynamic-content=\"true\" class=\"flex items-start gap-3\">\n<div data-source-location=\"src\/pages\/Services.jsx:84:10\" data-dynamic-content=\"false\" class=\"w-1.5 h-1.5 rounded-full bg-accent shrink-0 mt-2\"><\/div>\n<p><span data-source-location=\"src\/pages\/Services.jsx:85:10\" data-dynamic-content=\"true\" class=\"text-sm font-sans text-foreground leading-relaxed\" data-collection-item-field=\"item\">Aide \u00e0 la r\u00e9daction des avis de d\u00e9c\u00e8s et des textes destin\u00e9s aux journaux.<\/span><\/p>\n<\/li>\n<li data-source-location=\"src\/pages\/Services.jsx:83:8\" data-dynamic-content=\"true\" class=\"flex items-start gap-3\">\n<div data-source-location=\"src\/pages\/Services.jsx:84:10\" data-dynamic-content=\"false\" class=\"w-1.5 h-1.5 rounded-full bg-accent shrink-0 mt-2\"><\/div>\n<p><span data-source-location=\"src\/pages\/Services.jsx:85:10\" data-dynamic-content=\"true\" class=\"text-sm font-sans text-foreground leading-relaxed\" data-collection-item-field=\"item\">Conception et impression des faire-part, selon vos souhaits et vos sensibilit\u00e9s.<\/span><\/p>\n<\/li>\n<li data-source-location=\"src\/pages\/Services.jsx:83:8\" data-dynamic-content=\"true\" class=\"flex items-start gap-3\">\n<div data-source-location=\"src\/pages\/Services.jsx:84:10\" data-dynamic-content=\"false\" class=\"w-1.5 h-1.5 rounded-full bg-accent shrink-0 mt-2\"><\/div>\n<p><span data-source-location=\"src\/pages\/Services.jsx:85:10\" data-dynamic-content=\"true\" class=\"text-sm font-sans text-foreground leading-relaxed\" data-collection-item-field=\"item\">Coordination avec la paroisse, le pr\u00eatre, le pasteur ou tout autre intervenant, dans le respect des convictions de chacun.<\/span><\/p>\n<\/li>\n<li data-source-location=\"src\/pages\/Services.jsx:83:8\" data-dynamic-content=\"true\" class=\"flex items-start gap-3\">\n<div data-source-location=\"src\/pages\/Services.jsx:84:10\" data-dynamic-content=\"false\" class=\"w-1.5 h-1.5 rounded-full bg-accent shrink-0 mt-2\"><\/div>\n<p><span data-source-location=\"src\/pages\/Services.jsx:85:10\" data-dynamic-content=\"true\" class=\"text-sm font-sans text-foreground leading-relaxed\" data-collection-item-field=\"item\">Conseil dans le choix et la commande des fleurs.<\/span><\/p>\n<\/li>\n<li data-source-location=\"src\/pages\/Services.jsx:83:8\" data-dynamic-content=\"true\" class=\"flex items-start gap-3\">\n<div data-source-location=\"src\/pages\/Services.jsx:84:10\" data-dynamic-content=\"false\" class=\"w-1.5 h-1.5 rounded-full bg-accent shrink-0 mt-2\"><\/div>\n<p><span data-source-location=\"src\/pages\/Services.jsx:85:10\" data-dynamic-content=\"true\" class=\"text-sm font-sans text-foreground leading-relaxed\" data-collection-item-field=\"item\">R\u00e9alisation des cartes de remerciements, pour exprimer votre gratitude en toute simplicit\u00e9.<\/span><\/p>\n<\/li>\n<\/ul>\n<p>[\/et_pb_accordion_item][\/et_pb_accordion][et_pb_text _builder_version=&#8220;4.27.4&#8243; _module_preset=&#8220;default&#8220; text_font=&#8220;Inter||||||||&#8220; text_text_color=&#8220;#848484&#8243; text_font_size=&#8220;16px&#8220; custom_margin=&#8220;||30px||false|false&#8220; custom_padding=&#8220;|20px||20px|false|true&#8220; global_colors_info=&#8220;{}&#8220;]<\/p>\n<p data-source-location=\"src\/pages\/Services.jsx:128:16\" data-dynamic-content=\"true\" class=\"font-sans text-sm text-muted-foreground leading-relaxed\" data-arr-index=\"0\" data-arr-variable-name=\"accompagnementIntro\"><span>Une pr\u00e9sence \u00e0 vos c\u00f4t\u00e9s est assur\u00e9e \u00e0 tout moment, pour r\u00e9pondre \u00e0 vos besoins et vous accompagner avec bienveillance. N&#8217;h\u00e9sitez pas \u00e0 prendre contact avec nous.<\/span><\/p>\n<p>[\/et_pb_text][et_pb_image src=&#8220;https:\/\/cano-pompesfunebres.ch.35-195-224-43.plesk.page\/wp-content\/uploads\/2026\/06\/noname_13-hydrangea-3659614-scaled.jpg&#8220; title_text=&#8220;noname_13-hydrangea-3659614&#8243; _builder_version=&#8220;4.27.4&#8243; _module_preset=&#8220;default&#8220; border_radii=&#8220;on|30px|30px|30px|30px&#8220; global_colors_info=&#8220;{}&#8220;][\/et_pb_image][\/et_pb_column][\/et_pb_row][\/et_pb_section][et_pb_section fb_built=&#8220;1&#8243; module_id=&#8220;prevoyance&#8220; _builder_version=&#8220;4.27.4&#8243; _module_preset=&#8220;default&#8220; custom_padding=&#8220;80px||80px||true|false&#8220; global_colors_info=&#8220;{}&#8220;][et_pb_row column_structure=&#8220;3_5,2_5&#8243; use_custom_gutter=&#8220;on&#8220; make_equal=&#8220;on&#8220; _builder_version=&#8220;4.27.4&#8243; _module_preset=&#8220;default&#8220; max_width=&#8220;1700px&#8220; custom_margin=&#8220;||||false|false&#8220; global_colors_info=&#8220;{}&#8220;][et_pb_column type=&#8220;3_5&#8243; _builder_version=&#8220;4.27.4&#8243; _module_preset=&#8220;default&#8220; background_enable_color=&#8220;off&#8220; global_colors_info=&#8220;{}&#8220;][et_pb_blurb title=&#8220;PR\u00c9PARER L&#8217;AVENIR&#8220; use_icon=&#8220;on&#8220; font_icon=&#8220;&#xf3ed;||fa||900&#8243; icon_color=&#8220;#FFFFFF&#8220; image_icon_background_color=&#8220;gcid-3dcdbcfd-1506-4ff9-8df9-a69795d86eae&#8220; icon_placement=&#8220;left&#8220; image_icon_width=&#8220;18px&#8220; content_max_width=&#8220;1100px&#8220; _builder_version=&#8220;4.27.4&#8243; _module_preset=&#8220;default&#8220; header_font=&#8220;Inter|700||on|||||&#8220; header_text_color=&#8220;gcid-3dcdbcfd-1506-4ff9-8df9-a69795d86eae&#8220; header_font_size=&#8220;15px&#8220; header_letter_spacing=&#8220;3px&#8220; image_icon_custom_padding=&#8220;18px|18px|18px|18px|true|true&#8220; custom_css_blurb_title=&#8220;margin-top: 18px;||margin-left: 10px;&#8220; border_radii_image=&#8220;on|198px|198px|198px|198px&#8220; global_colors_info=&#8220;{%22gcid-3dcdbcfd-1506-4ff9-8df9-a69795d86eae%22:%91%22image_icon_background_color%22,%22header_text_color%22%93}&#8220;][\/et_pb_blurb][et_pb_text _builder_version=&#8220;4.27.4&#8243; _module_preset=&#8220;default&#8220; header_2_font=&#8220;Playfair Display||||||||&#8220; header_2_font_size=&#8220;30px&#8220; custom_margin=&#8220;||25px||false|false&#8220; custom_padding=&#8220;|20px||20px|false|true&#8220; global_colors_info=&#8220;{}&#8220;]<\/p>\n<h2 style=\"text-align: left;\">Contrat de pr\u00e9voyance<\/h2>\n<p>[\/et_pb_text][et_pb_text _builder_version=&#8220;4.27.4&#8243; _module_preset=&#8220;default&#8220; text_font=&#8220;Inter||||||||&#8220; text_text_color=&#8220;#848484&#8243; text_font_size=&#8220;16px&#8220; custom_margin=&#8220;||30px||false|false&#8220; custom_padding=&#8220;|20px||20px|false|true&#8220; global_colors_info=&#8220;{}&#8220;]<\/p>\n<p class=\"font-sans text-sm text-muted-foreground leading-relaxed mb-6\">Le contrat de pr\u00e9voyance permet d&#8217;anticiper l&#8217;organisation de ses obs\u00e8ques en toute s\u00e9r\u00e9nit\u00e9 :<\/p>\n<ul class=\"space-y-3\">\n<li class=\"flex items-start gap-3\">\n<div class=\"w-1.5 h-1.5 rounded-full bg-accent shrink-0 mt-2\"><\/div>\n<p><span class=\"text-sm font-sans text-foreground leading-relaxed\">Apporter de la tranquillit\u00e9 \u00e0 ses proches en leur \u00e9vitant des d\u00e9marches difficiles.<\/span><\/p>\n<\/li>\n<li class=\"flex items-start gap-3\">\n<div class=\"w-1.5 h-1.5 rounded-full bg-accent shrink-0 mt-2\"><\/div>\n<p><span class=\"text-sm font-sans text-foreground leading-relaxed\">S&#8217;assurer que ses volont\u00e9s soient respect\u00e9es.<\/span><\/p>\n<\/li>\n<li class=\"flex items-start gap-3\">\n<div class=\"w-1.5 h-1.5 rounded-full bg-accent shrink-0 mt-2\"><\/div>\n<p><span class=\"text-sm font-sans text-foreground leading-relaxed\">Pr\u00e9server sa famille de contraintes financi\u00e8res.<\/span><\/p>\n<\/li>\n<li class=\"flex items-start gap-3\">\n<div class=\"w-1.5 h-1.5 rounded-full bg-accent shrink-0 mt-2\"><\/div>\n<p><span class=\"text-sm font-sans text-foreground leading-relaxed\">Offrir \u00e0 ses proches des rep\u00e8res clairs au moment venu.<\/span><\/p>\n<\/li>\n<\/ul>\n<p class=\"font-sans text-sm text-muted-foreground leading-relaxed mt-6 mb-6\">Anticiper ces d\u00e9cisions ne semble pas toujours naturel, mais cette d\u00e9marche permet de soulager ses proches. Elle offre \u00e9galement la possibilit\u00e9 de r\u00e9fl\u00e9chir sereinement \u00e0 l&#8217;organisation souhait\u00e9e.<\/p>\n<p class=\"font-sans text-sm text-muted-foreground leading-relaxed\">Les Pompes Fun\u00e8bres Cano sont \u00e0 votre \u00e9coute pour vous informer et vous conseiller sur les diff\u00e9rentes solutions de pr\u00e9voyance, afin d&#8217;envisager ces dispositions avec simplicit\u00e9 et confiance.<\/p>\n<p>[\/et_pb_text][\/et_pb_column][et_pb_column type=&#8220;2_5&#8243; _builder_version=&#8220;4.27.4&#8243; _module_preset=&#8220;default&#8220; background_color=&#8220;RGBA(255,255,255,0)&#8220; global_colors_info=&#8220;{}&#8220;][et_pb_image src=&#8220;https:\/\/cano-pompesfunebres.ch.35-195-224-43.plesk.page\/wp-content\/uploads\/2026\/08\/23-1-scaled.png&#8220; title_text=&#8220;23 (1)&#8220; _builder_version=&#8220;4.27.4&#8243; _module_preset=&#8220;default&#8220; border_radii=&#8220;on|30px|30px|30px|30px&#8220; global_colors_info=&#8220;{}&#8220;][\/et_pb_image][\/et_pb_column][\/et_pb_row][\/et_pb_section][et_pb_section fb_built=&#8220;1&#8243; module_id=&#8220;produits&#8220; _builder_version=&#8220;4.27.4&#8243; _module_preset=&#8220;default&#8220; background_color=&#8220;#f9f7f5&#8243; custom_padding=&#8220;80px||80px||true|false&#8220; locked=&#8220;off&#8220; global_colors_info=&#8220;{}&#8220;][et_pb_row column_structure=&#8220;2_5,3_5&#8243; use_custom_gutter=&#8220;on&#8220; make_equal=&#8220;on&#8220; disabled_on=&#8220;on|on|off&#8220; _builder_version=&#8220;4.27.4&#8243; _module_preset=&#8220;default&#8220; max_width=&#8220;1700px&#8220; custom_margin=&#8220;||||false|false&#8220; global_colors_info=&#8220;{}&#8220;][et_pb_column type=&#8220;2_5&#8243; _builder_version=&#8220;4.27.4&#8243; _module_preset=&#8220;default&#8220; background_enable_color=&#8220;off&#8220; global_colors_info=&#8220;{}&#8220;][et_pb_image src=&#8220;https:\/\/cano-pompesfunebres.ch.35-195-224-43.plesk.page\/wp-content\/uploads\/2026\/08\/fewr-1-scaled.png&#8220; title_text=&#8220;fewr (1)&#8220; _builder_version=&#8220;4.27.4&#8243; _module_preset=&#8220;default&#8220; border_radii=&#8220;on|30px|30px|30px|30px&#8220; global_colors_info=&#8220;{}&#8220;][\/et_pb_image][\/et_pb_column][et_pb_column type=&#8220;3_5&#8243; _builder_version=&#8220;4.27.4&#8243; _module_preset=&#8220;default&#8220; background_color=&#8220;RGBA(255,255,255,0)&#8220; global_colors_info=&#8220;{}&#8220;][et_pb_blurb title=&#8220;CERCUEILS &#038; URNES&#8220; use_icon=&#8220;on&#8220; font_icon=&#8220;&#xf1b2;||fa||900&#8243; icon_color=&#8220;#FFFFFF&#8220; image_icon_background_color=&#8220;gcid-3dcdbcfd-1506-4ff9-8df9-a69795d86eae&#8220; icon_placement=&#8220;left&#8220; image_icon_width=&#8220;18px&#8220; content_max_width=&#8220;1100px&#8220; _builder_version=&#8220;4.27.4&#8243; _module_preset=&#8220;default&#8220; header_font=&#8220;Inter|700||on|||||&#8220; header_text_color=&#8220;gcid-3dcdbcfd-1506-4ff9-8df9-a69795d86eae&#8220; header_font_size=&#8220;15px&#8220; header_letter_spacing=&#8220;3px&#8220; image_icon_custom_padding=&#8220;18px|18px|18px|18px|true|true&#8220; custom_css_blurb_title=&#8220;margin-top: 18px;||margin-left: 10px;&#8220; border_radii_image=&#8220;on|198px|198px|198px|198px&#8220; global_colors_info=&#8220;{%22gcid-3dcdbcfd-1506-4ff9-8df9-a69795d86eae%22:%91%22image_icon_background_color%22,%22header_text_color%22%93}&#8220;][\/et_pb_blurb][et_pb_text _builder_version=&#8220;4.27.4&#8243; _module_preset=&#8220;default&#8220; header_2_font=&#8220;Playfair Display||||||||&#8220; header_2_font_size=&#8220;30px&#8220; custom_margin=&#8220;||25px||false|false&#8220; custom_padding=&#8220;|20px||20px|false|true&#8220; global_colors_info=&#8220;{}&#8220;]<\/p>\n<h2 style=\"text-align: left;\">Produits fun\u00e9raires<\/h2>\n<p>[\/et_pb_text][et_pb_text _builder_version=&#8220;4.27.4&#8243; _module_preset=&#8220;default&#8220; text_font=&#8220;Inter||||||||&#8220; text_text_color=&#8220;#848484&#8243; text_font_size=&#8220;16px&#8220; custom_margin=&#8220;||30px||false|false&#8220; custom_padding=&#8220;|20px||20px|false|true&#8220; global_colors_info=&#8220;{}&#8220;]<\/p>\n<p class=\"font-sans text-sm text-muted-foreground leading-relaxed mb-4\">Nous proposons plusieurs mod\u00e8les de cercueils de fabrication suisse. Pour notre service de transfert \u00e0 l&#8217;\u00e9tranger, nous proposons des cercueils adapt\u00e9s.<\/p>\n<p class=\"font-sans text-sm text-muted-foreground leading-relaxed\">Les urnes sont disponibles sur commande.<\/p>\n<p>[\/et_pb_text][\/et_pb_column][\/et_pb_row][et_pb_row column_structure=&#8220;2_5,3_5&#8243; use_custom_gutter=&#8220;on&#8220; make_equal=&#8220;on&#8220; disabled_on=&#8220;off|off|on&#8220; _builder_version=&#8220;4.27.4&#8243; _module_preset=&#8220;default&#8220; max_width=&#8220;1700px&#8220; custom_margin=&#8220;||||false|false&#8220; global_colors_info=&#8220;{}&#8220;][et_pb_column type=&#8220;2_5&#8243; _builder_version=&#8220;4.27.4&#8243; _module_preset=&#8220;default&#8220; background_enable_color=&#8220;off&#8220; global_colors_info=&#8220;{}&#8220;][\/et_pb_column][et_pb_column type=&#8220;3_5&#8243; _builder_version=&#8220;4.27.4&#8243; _module_preset=&#8220;default&#8220; background_color=&#8220;RGBA(255,255,255,0)&#8220; global_colors_info=&#8220;{}&#8220;][et_pb_blurb title=&#8220;CERCUEILS &#038; URNES&#8220; use_icon=&#8220;on&#8220; font_icon=&#8220;&#xf1b2;||fa||900&#8243; icon_color=&#8220;#FFFFFF&#8220; image_icon_background_color=&#8220;gcid-3dcdbcfd-1506-4ff9-8df9-a69795d86eae&#8220; icon_placement=&#8220;left&#8220; image_icon_width=&#8220;18px&#8220; content_max_width=&#8220;1100px&#8220; _builder_version=&#8220;4.27.4&#8243; _module_preset=&#8220;default&#8220; header_font=&#8220;Inter|700||on|||||&#8220; header_text_color=&#8220;gcid-3dcdbcfd-1506-4ff9-8df9-a69795d86eae&#8220; header_font_size=&#8220;15px&#8220; header_letter_spacing=&#8220;3px&#8220; image_icon_custom_padding=&#8220;18px|18px|18px|18px|true|true&#8220; custom_css_blurb_title=&#8220;margin-top: 18px;||margin-left: 10px;&#8220; border_radii_image=&#8220;on|198px|198px|198px|198px&#8220; global_colors_info=&#8220;{%22gcid-3dcdbcfd-1506-4ff9-8df9-a69795d86eae%22:%91%22image_icon_background_color%22,%22header_text_color%22%93}&#8220;][\/et_pb_blurb][et_pb_text _builder_version=&#8220;4.27.4&#8243; _module_preset=&#8220;default&#8220; header_2_font=&#8220;Playfair Display||||||||&#8220; header_2_font_size=&#8220;30px&#8220; custom_margin=&#8220;||25px||false|false&#8220; custom_padding=&#8220;|20px||20px|false|true&#8220; global_colors_info=&#8220;{}&#8220;]<\/p>\n<h2 style=\"text-align: left;\">Produits fun\u00e9raires<\/h2>\n<p>[\/et_pb_text][et_pb_text _builder_version=&#8220;4.27.4&#8243; _module_preset=&#8220;default&#8220; text_font=&#8220;Inter||||||||&#8220; text_text_color=&#8220;#848484&#8243; text_font_size=&#8220;16px&#8220; custom_margin=&#8220;||30px||false|false&#8220; custom_padding=&#8220;|20px||20px|false|true&#8220; global_colors_info=&#8220;{}&#8220;]<\/p>\n<p class=\"font-sans text-sm text-muted-foreground leading-relaxed mb-4\">Nous proposons plusieurs mod\u00e8les de cercueils de fabrication suisse. Pour notre service de transfert \u00e0 l&#8217;\u00e9tranger, nous proposons des cercueils adapt\u00e9s.<\/p>\n<p class=\"font-sans text-sm text-muted-foreground leading-relaxed\">Les urnes sont disponibles sur commande.<\/p>\n<p>[\/et_pb_text][et_pb_image src=&#8220;https:\/\/cano-pompesfunebres.ch.35-195-224-43.plesk.page\/wp-content\/uploads\/2026\/08\/fewr-1-scaled.png&#8220; title_text=&#8220;fewr (1)&#8220; _builder_version=&#8220;4.27.4&#8243; _module_preset=&#8220;default&#8220; border_radii=&#8220;on|30px|30px|30px|30px&#8220; global_colors_info=&#8220;{}&#8220;][\/et_pb_image][\/et_pb_column][\/et_pb_row][\/et_pb_section]<\/p>\n","protected":false},"excerpt":{"rendered":"<p>NOTRE ACCOMPAGNEMENTServices Fun\u00e9rairesAccompagnementConscients de la douleur que repr\u00e9sente la perte d&#8217;un \u00eatre cher, nous mettons tout en \u0153uvre pour soulager les familles des contraintes administratives et leur offrir un accompagnement attentif et discret. Le service des Pompes Fun\u00e8bres Cano est accessible \u00e0 tous, dans le respect de chaque situation et de chaque possibilit\u00e9 financi\u00e8re. Nous accompagnons les familles avec transparence dans le choix des prestations et des fournitures, en leur laissant la libert\u00e9 d&#8217;adapter leurs d\u00e9cisions \u00e0 tout moment. Ensemble, nous veillons \u00e0 l&#8217;organisation des d\u00e9marches et au bon d\u00e9roulement de la c\u00e9r\u00e9monie, qu&#8217;il s&#8217;agisse d&#8217;une inhumation ou d&#8217;une cr\u00e9mation, dans le respect des convictions de chacun, qu&#8217;elles soient la\u00efques ou religieuses. Le respect des volont\u00e9s du d\u00e9funt et de sa famille guide chacune de nos d\u00e9marches.Your content goes here. Edit or remove this text inline or in the module Content settings. You can also style every aspect of this content in the module Design settings and even apply custom CSS to this text in the module Advanced settings. Organisation du transfert vers le lieu de la c\u00e9r\u00e9monie. Pr\u00e9sentation soign\u00e9e du cercueil. Mise en place des arrangements floraux. Collecte et remise des cartes de condol\u00e9ances. Transfert vers le cr\u00e9matoire, le [&hellip;]<\/p>\n","protected":false},"author":1,"featured_media":0,"parent":0,"menu_order":0,"comment_status":"closed","ping_status":"closed","template":"","meta":{"_et_pb_use_builder":"on","_et_pb_old_content":"","_et_gb_content_width":"","inline_featured_image":false,"footnotes":""},"class_list":["post-9","page","type-page","status-publish","hentry"],"_links":{"self":[{"href":"https:\/\/cano-pompesfunebres.ch.35-195-224-43.plesk.page\/index.php?rest_route=\/wp\/v2\/pages\/9","targetHints":{"allow":["GET"]}}],"collection":[{"href":"https:\/\/cano-pompesfunebres.ch.35-195-224-43.plesk.page\/index.php?rest_route=\/wp\/v2\/pages"}],"about":[{"href":"https:\/\/cano-pompesfunebres.ch.35-195-224-43.plesk.page\/index.php?rest_route=\/wp\/v2\/types\/page"}],"author":[{"embeddable":true,"href":"https:\/\/cano-pompesfunebres.ch.35-195-224-43.plesk.page\/index.php?rest_route=\/wp\/v2\/users\/1"}],"replies":[{"embeddable":true,"href":"https:\/\/cano-pompesfunebres.ch.35-195-224-43.plesk.page\/index.php?rest_route=%2Fwp%2Fv2%2Fcomments&post=9"}],"version-history":[{"count":38,"href":"https:\/\/cano-pompesfunebres.ch.35-195-224-43.plesk.page\/index.php?rest_route=\/wp\/v2\/pages\/9\/revisions"}],"predecessor-version":[{"id":352,"href":"https:\/\/cano-pompesfunebres.ch.35-195-224-43.plesk.page\/index.php?rest_route=\/wp\/v2\/pages\/9\/revisions\/352"}],"wp:attachment":[{"href":"https:\/\/cano-pompesfunebres.ch.35-195-224-43.plesk.page\/index.php?rest_route=%2Fwp%2Fv2%2Fmedia&parent=9"}],"curies":[{"name":"wp","href":"https:\/\/api.w.org\/{rel}","templated":true}]}}