{"id":227,"date":"2026-08-18T08:52:05","date_gmt":"2026-08-18T08:52:05","guid":{"rendered":"https:\/\/cano-pompesfunebres.ch.35-195-224-43.plesk.page\/?page_id=227"},"modified":"2026-08-18T14:19:18","modified_gmt":"2026-08-18T14:19:18","slug":"notres-histoire","status":"publish","type":"page","link":"https:\/\/cano-pompesfunebres.ch.35-195-224-43.plesk.page\/?page_id=227","title":{"rendered":"Notres Histoire"},"content":{"rendered":"<p>[et_pb_section fb_built=&#8220;1&#8243; _builder_version=&#8220;4.27.4&#8243; _module_preset=&#8220;default&#8220; use_background_color_gradient=&#8220;on&#8220; background_color_gradient_stops=&#8220;rgba(86,57,67,0.79) 0%|rgba(86,57,67,0.79) 100%&#8220; background_color_gradient_overlays_image=&#8220;on&#8220; background_image=&#8220;https:\/\/cano-pompesfunebres.ch.35-195-224-43.plesk.page\/wp-content\/uploads\/2026\/06\/IMG_20161230_134417-scaled.jpg&#8220; custom_padding=&#8220;60px||60px||true|false&#8220; locked=&#8220;off&#8220; global_colors_info=&#8220;{}&#8220;][et_pb_row use_custom_gutter=&#8220;on&#8220; _builder_version=&#8220;4.27.4&#8243; _module_preset=&#8220;default&#8220; max_width=&#8220;1700px&#8220; locked=&#8220;off&#8220; global_colors_info=&#8220;{}&#8220;][et_pb_column type=&#8220;4_4&#8243; _builder_version=&#8220;4.27.4&#8243; _module_preset=&#8220;default&#8220; global_colors_info=&#8220;{}&#8220;][et_pb_text _builder_version=&#8220;4.27.4&#8243; _module_preset=&#8220;default&#8220; text_font=&#8220;Inter||||||||&#8220; text_text_color=&#8220;#FFFFFF&#8220; text_font_size=&#8220;13px&#8220; text_letter_spacing=&#8220;7px&#8220; text_orientation=&#8220;center&#8220; custom_margin=&#8220;||20px||false|false&#8220; global_colors_info=&#8220;{}&#8220;]<\/p>\n<p><span>DEPUIS TROIS G\u00c9N\u00c9RATIONS<\/span><\/p>\n<p>[\/et_pb_text][et_pb_text _builder_version=&#8220;4.27.4&#8243; _module_preset=&#8220;default&#8220; header_font=&#8220;Playfair Display||||||||&#8220; header_text_color=&#8220;#FFFFFF&#8220; header_font_size=&#8220;65px&#8220; header_2_font=&#8220;Playfair Display||||||||&#8220; header_2_text_color=&#8220;#FFFFFF&#8220; header_2_font_size=&#8220;50px&#8220; custom_margin=&#8220;||||false|false&#8220; global_colors_info=&#8220;{}&#8220;]<\/p>\n<h1 style=\"text-align: center;\">Notre Histoire<\/h1>\n<p>[\/et_pb_text][\/et_pb_column][\/et_pb_row][\/et_pb_section][et_pb_section fb_built=&#8220;1&#8243; _builder_version=&#8220;4.27.4&#8243; _module_preset=&#8220;default&#8220; background_color=&#8220;#f9f7f5&#8243; custom_padding=&#8220;80px||80px||true|false&#8220; locked=&#8220;off&#8220; global_colors_info=&#8220;{}&#8220;][et_pb_row use_custom_gutter=&#8220;on&#8220; make_equal=&#8220;on&#8220; _builder_version=&#8220;4.27.4&#8243; _module_preset=&#8220;default&#8220; max_width=&#8220;1700px&#8220; hover_enabled=&#8220;0&#8243; global_colors_info=&#8220;{}&#8220; sticky_enabled=&#8220;0&#8243;][et_pb_column type=&#8220;4_4&#8243; _builder_version=&#8220;4.27.4&#8243; _module_preset=&#8220;default&#8220; background_enable_color=&#8220;off&#8220; hover_enabled=&#8220;0&#8243; global_colors_info=&#8220;{}&#8220; sticky_enabled=&#8220;0&#8243;][dsm_content_timeline dsm_pointer_bg_color=&#8220;gcid-3dcdbcfd-1506-4ff9-8df9-a69795d86eae&#8220; dsm_tree_bg_color=&#8220;gcid-3dcdbcfd-1506-4ff9-8df9-a69795d86eae&#8220; dsm_tree_width=&#8220;0.5px&#8220; _builder_version=&#8220;4.27.4&#8243; _module_preset=&#8220;default&#8220; content_font=&#8220;Inter||||||||&#8220; content_text_color=&#8220;#848484&#8243; content_font_size=&#8220;16px&#8220; opposite_text_font=&#8220;Playfair Display||||||||&#8220; opposite_text_text_color=&#8220;gcid-3dcdbcfd-1506-4ff9-8df9-a69795d86eae&#8220; opposite_text_font_size=&#8220;60px&#8220; hover_enabled=&#8220;0&#8243; global_colors_info=&#8220;{%22gcid-3dcdbcfd-1506-4ff9-8df9-a69795d86eae%22:%91%22dsm_pointer_bg_color%22,%22dsm_tree_bg_color%22,%22opposite_text_text_color%22%93}&#8220; sticky_enabled=&#8220;0&#8243; dsm_responsive_style=&#8220;left&#8220;][dsm_content_timeline_child dsm_content=&#8220;<\/p>\n<p><span>H\u00e9l\u00e8ne et Maxime Cano dirigent l&#8217;entreprise alors repr\u00e9sentante des Pompes Fun\u00e8bres Saint-Laurent \u00e0 Lausanne. Par la suite, ils se mettent \u00e0 leur compte et c&#8217;est ainsi que Cano Pompes Fun\u00e8bres est n\u00e9.<\/span><\/p>\n<p>&#8220; dsm_opposite_text=&#8220;1955&#8243; _builder_version=&#8220;4.27.4&#8243; _module_preset=&#8220;default&#8220; hover_enabled=&#8220;0&#8243; global_colors_info=&#8220;{}&#8220; parent_header_level=&#8220;h4&#8243; sticky_enabled=&#8220;0&#8243;][\/dsm_content_timeline_child][dsm_content_timeline_child dsm_content=&#8220;<\/p>\n<div data-source-location=%22src\/pages\/OurHistory.jsx:48:18%22 data-dynamic-content=%22true%22 class=%22relative md:grid md:grid-cols-2 md:gap-12%22 data-arr-index=%221%22 data-arr-variable-name=%22milestones%22>\n<div data-source-location=%22src\/pages\/OurHistory.jsx:79:24%22 data-dynamic-content=%22true%22 class=%22md:order-1 md:text-right md:pr-12 mt-2 md:mt-0%22 data-arr-index=%221%22 data-arr-variable-name=%22milestones%22>\n<p data-source-location=%22src\/pages\/OurHistory.jsx:80:26%22 data-dynamic-content=%22true%22 class=%22font-sans text-sm md:text-base text-muted-foreground leading-relaxed%22 data-arr-index=%221%22 data-arr-variable-name=%22milestones%22 data-arr-field=%22text%22>Ruth et son \u00e9poux Jean-Louis Cano reprennent le t\u00e9moin en r\u00e9pondant aux attentes des familles. Ils d\u00e9ploient leur activit\u00e9 \u00e0 Moutier et sa couronne ainsi que dans la vall\u00e9e de Tavannes et environs.<\/p>\n<\/div>\n<\/div>\n<div data-source-location=%22src\/pages\/OurHistory.jsx:48:18%22 data-dynamic-content=%22true%22 class=%22relative md:grid md:grid-cols-2 md:gap-12%22 data-arr-index=%222%22 data-arr-variable-name=%22milestones%22><\/div>\n<p>&#8220; dsm_opposite_text=&#8220;1977&#8243; _builder_version=&#8220;4.27.4&#8243; _module_preset=&#8220;default&#8220; global_colors_info=&#8220;{}&#8220; parent_header_level=&#8220;h4&#8243;][\/dsm_content_timeline_child][dsm_content_timeline_child dsm_content=&#8220;<\/p>\n<div data-source-location=%22src\/pages\/OurHistory.jsx:48:18%22 data-dynamic-content=%22true%22 class=%22relative md:grid md:grid-cols-2 md:gap-12%22 data-arr-index=%221%22 data-arr-variable-name=%22milestones%22>\n<div data-source-location=%22src\/pages\/OurHistory.jsx:79:24%22 data-dynamic-content=%22true%22 class=%22md:order-1 md:text-right md:pr-12 mt-2 md:mt-0%22 data-arr-index=%221%22 data-arr-variable-name=%22milestones%22>\n<p><main data-source-location=%22src\/components\/layout\/AppLayout.jsx:10:6%22 data-dynamic-content=%22false%22 class=%22flex-1%22><\/main><\/p>\n<div data-source-location=%22src\/pages\/OurHistory.jsx:21:4%22 data-dynamic-content=%22true%22>\n<section data-source-location=%22src\/pages\/OurHistory.jsx:38:6%22 data-dynamic-content=%22true%22 class=%22py-20 px-6%22>\n<div data-source-location=%22src\/pages\/OurHistory.jsx:39:8%22 data-dynamic-content=%22true%22 class=%22max-w-5xl mx-auto%22>\n<div data-source-location=%22src\/pages\/OurHistory.jsx:40:10%22 data-dynamic-content=%22true%22 class=%22relative pl-8 md:pl-0%22>\n<div data-source-location=%22src\/pages\/OurHistory.jsx:44:12%22 data-dynamic-content=%22true%22 class=%22space-y-12%22>\n<div data-source-location=%22src\/pages\/OurHistory.jsx:48:18%22 data-dynamic-content=%22true%22 class=%22relative md:grid md:grid-cols-2 md:gap-12%22 data-arr-index=%222%22 data-arr-variable-name=%22milestones%22>\n<div data-source-location=%22src\/pages\/OurHistory.jsx:66:24%22 data-dynamic-content=%22true%22 class=%22md:pl-12 mt-2 md:mt-0%22 data-arr-index=%222%22 data-arr-variable-name=%22milestones%22>\n<p data-source-location=%22src\/pages\/OurHistory.jsx:67:26%22 data-dynamic-content=%22true%22 class=%22font-sans text-sm md:text-base text-muted-foreground leading-relaxed%22 data-arr-index=%222%22 data-arr-variable-name=%22milestones%22 data-arr-field=%22text%22>Cano Pompes Fun\u00e8bres prend un nouveau virage avec l&#8217;arriv\u00e9e de Anne et Francis Cano \u00e0 la t\u00eate de l&#8217;entreprise. Aujourd&#8217;hui, ils accompagnent les familles endeuill\u00e9es avec respect et dignit\u00e9.<\/p>\n<\/div>\n<\/div>\n<\/div>\n<\/div>\n<\/div>\n<\/section>\n<\/div>\n<footer data-source-location=%22src\/components\/layout\/Footer.jsx:7:4%22 data-dynamic-content=%22true%22 class=%22bg-primary text-primary-foreground%22>\n<div data-source-location=%22src\/components\/layout\/Footer.jsx:8:6%22 data-dynamic-content=%22true%22 class=%22max-w-6xl mx-auto px-6 py-16%22>\n<div data-source-location=%22src\/components\/layout\/Footer.jsx:9:8%22 data-dynamic-content=%22false%22 class=%22grid grid-cols-1 md:grid-cols-3 gap-12%22>\n<div data-source-location=%22src\/components\/layout\/Footer.jsx:11:10%22 data-dynamic-content=%22false%22><\/div>\n<\/div>\n<\/div>\n<\/footer>\n<\/div>\n<\/div>\n<div data-source-location=%22src\/pages\/OurHistory.jsx:48:18%22 data-dynamic-content=%22true%22 class=%22relative md:grid md:grid-cols-2 md:gap-12%22 data-arr-index=%222%22 data-arr-variable-name=%22milestones%22><\/div>\n<p>&#8220; dsm_opposite_text=&#8220;2009&#8243; _builder_version=&#8220;4.27.4&#8243; _module_preset=&#8220;default&#8220; global_colors_info=&#8220;{}&#8220; parent_header_level=&#8220;h4&#8243;][\/dsm_content_timeline_child][\/dsm_content_timeline][\/et_pb_column][\/et_pb_row][\/et_pb_section]<\/p>\n","protected":false},"excerpt":{"rendered":"<p>DEPUIS TROIS G\u00c9N\u00c9RATIONSNotre Histoire<div class=\"et_pb_module dsm_content_timeline dsm_content_timeline_0\">\n\t\t\t\t\n\t\t\t\t\n\t\t\t\t\n\t\t\t\t\n\t\t\t\t\n\t\t\t\t\n\t\t\t\t<div class=\"et_pb_module_inner\">\n\t\t\t\t\t<div class=\"dsm-content-timeline-items-wrapper dsm-center\" data-tree-animation=\"off\" data-tree-animation-tablet=\"\" data-tree-animation-phone=\"\" data-image_lightbox=\"off\">\n\t\t\t<div class=\"dsm-content-timeline-tree\">\n\t\t\t\t\n\t\t\t<\/div>\n\t\t   <div class=\"dsm-content-timeline-item-wrapper dsm_content_timeline_child_0\">\n\t\t\t\t<div class=\"dsm-content-timeline-date dsm-desktop\"><span class=\"date\">1955<\/span><\/div>\n\t\t\t\t<div class=\"dsm-content-timeline-content-wrapper dsm_wrapper_dsm_content_timeline_child_0 dsm-visibility\">   \t\t\n\t\t\t\t\t<div class=\"dsm-content-timeline-date dsm-mobile\"><span class=\"date\">1955<\/span><\/div>\n\t\t\t\t\t\n\t\t\t\t\t\n\t\t\t\t\t<div class=\"dsm-timeline-content\">\n\t\t\t\t\t\t\n\t\t\t\t\t\t<div class=\"dsm-description\">H\u00e9l\u00e8ne et Maxime Cano dirigent l'entreprise alors repr\u00e9sentante des Pompes Fun\u00e8bres Saint-Laurent \u00e0 Lausanne. Par la suite, ils se mettent \u00e0 leur compte et c'est ainsi que Cano Pompes Fun\u00e8bres est n\u00e9.<\/div>\n\t\t\t\t\t\t\n\t\t\t\t\t\t\n\t\t\t\t\t<\/div>\t\n\t\t\t\t<\/div>\n\t\t\t\t<div class=\"dsm-pointer-wrapper\">\n\t\t\t\t\t\n\t\t\t\t\t\n\t\t\t\t<\/div>\n\t\t\t<\/div><div class=\"dsm-content-timeline-item-wrapper dsm_content_timeline_child_1\">\n\t\t\t\t<div class=\"dsm-content-timeline-date dsm-desktop\"><span class=\"date\">1977<\/span><\/div>\n\t\t\t\t<div class=\"dsm-content-timeline-content-wrapper dsm_wrapper_dsm_content_timeline_child_1 dsm-visibility\">   \t\t\n\t\t\t\t\t<div class=\"dsm-content-timeline-date dsm-mobile\"><span class=\"date\">1977<\/span><\/div>\n\t\t\t\t\t\n\t\t\t\t\t\n\t\t\t\t\t<div class=\"dsm-timeline-content\">\n\t\t\t\t\t\t\n\t\t\t\t\t\t<div class=\"dsm-description\"> Ruth et son \u00e9poux Jean-Louis Cano reprennent le t\u00e9moin en r\u00e9pondant aux attentes des familles. Ils d\u00e9ploient leur activit\u00e9 \u00e0 Moutier et sa couronne ainsi que dans la vall\u00e9e de Tavannes et environs. <\/div>\n\t\t\t\t\t\t\n\t\t\t\t\t\t\n\t\t\t\t\t<\/div>\t\n\t\t\t\t<\/div>\n\t\t\t\t<div class=\"dsm-pointer-wrapper\">\n\t\t\t\t\t\n\t\t\t\t\t\n\t\t\t\t<\/div>\n\t\t\t<\/div><div class=\"dsm-content-timeline-item-wrapper dsm_content_timeline_child_2\">\n\t\t\t\t<div class=\"dsm-content-timeline-date dsm-desktop\"><span class=\"date\">2009<\/span><\/div>\n\t\t\t\t<div class=\"dsm-content-timeline-content-wrapper dsm_wrapper_dsm_content_timeline_child_2 dsm-visibility\">   \t\t\n\t\t\t\t\t<div class=\"dsm-content-timeline-date dsm-mobile\"><span class=\"date\">2009<\/span><\/div>\n\t\t\t\t\t\n\t\t\t\t\t\n\t\t\t\t\t<div class=\"dsm-timeline-content\">\n\t\t\t\t\t\t\n\t\t\t\t\t\t<div class=\"dsm-description\"> Cano Pompes Fun\u00e8bres prend un nouveau virage avec l'arriv\u00e9e de Anne et Francis Cano \u00e0 la t\u00eate de l'entreprise. Aujourd'hui, ils accompagnent les familles endeuill\u00e9es avec respect et dignit\u00e9. <\/div>\n\t\t\t\t\t\t\n\t\t\t\t\t\t\n\t\t\t\t\t<\/div>\t\n\t\t\t\t<\/div>\n\t\t\t\t<div class=\"dsm-pointer-wrapper\">\n\t\t\t\t\t\n\t\t\t\t\t\n\t\t\t\t<\/div>\n\t\t\t<\/div>\n\t\t<\/div>\n\t\t\n\t\t\t\t<\/div>\n\t\t\t<\/div><\/p>\n","protected":false},"author":1,"featured_media":0,"parent":0,"menu_order":0,"comment_status":"closed","ping_status":"closed","template":"","meta":{"_et_pb_use_builder":"on","_et_pb_old_content":"","_et_gb_content_width":"","inline_featured_image":false,"footnotes":""},"class_list":["post-227","page","type-page","status-publish","hentry"],"_links":{"self":[{"href":"https:\/\/cano-pompesfunebres.ch.35-195-224-43.plesk.page\/index.php?rest_route=\/wp\/v2\/pages\/227","targetHints":{"allow":["GET"]}}],"collection":[{"href":"https:\/\/cano-pompesfunebres.ch.35-195-224-43.plesk.page\/index.php?rest_route=\/wp\/v2\/pages"}],"about":[{"href":"https:\/\/cano-pompesfunebres.ch.35-195-224-43.plesk.page\/index.php?rest_route=\/wp\/v2\/types\/page"}],"author":[{"embeddable":true,"href":"https:\/\/cano-pompesfunebres.ch.35-195-224-43.plesk.page\/index.php?rest_route=\/wp\/v2\/users\/1"}],"replies":[{"embeddable":true,"href":"https:\/\/cano-pompesfunebres.ch.35-195-224-43.plesk.page\/index.php?rest_route=%2Fwp%2Fv2%2Fcomments&post=227"}],"version-history":[{"count":13,"href":"https:\/\/cano-pompesfunebres.ch.35-195-224-43.plesk.page\/index.php?rest_route=\/wp\/v2\/pages\/227\/revisions"}],"predecessor-version":[{"id":342,"href":"https:\/\/cano-pompesfunebres.ch.35-195-224-43.plesk.page\/index.php?rest_route=\/wp\/v2\/pages\/227\/revisions\/342"}],"wp:attachment":[{"href":"https:\/\/cano-pompesfunebres.ch.35-195-224-43.plesk.page\/index.php?rest_route=%2Fwp%2Fv2%2Fmedia&parent=227"}],"curies":[{"name":"wp","href":"https:\/\/api.w.org\/{rel}","templated":true}]}}